{"id":987521895,"date":"2025-10-24T11:21:52","date_gmt":"2025-10-24T09:21:52","guid":{"rendered":"https:\/\/www.ags-recordsmanagement.com\/fr\/?page_id=987521895"},"modified":"2026-01-19T12:15:33","modified_gmt":"2026-01-19T10:15:33","slug":"faq-facturation-electronique","status":"publish","type":"page","link":"https:\/\/www.ags-recordsmanagement.com\/fr\/reforme-facturation-electronique\/faq-facturation-electronique\/","title":{"rendered":"FAQ facturation \u00e9lectronique"},"content":{"rendered":"<p>[et_pb_section fb_built=\u00a0\u00bb1&Prime; custom_padding_last_edited=\u00a0\u00bbon|tablet\u00a0\u00bb disabled_on=\u00a0\u00bboff|off|off\u00a0\u00bb admin_label=\u00a0\u00bbHero-desktop\u00a0\u00bb _builder_version=\u00a0\u00bb4.27.4&Prime; _module_preset=\u00a0\u00bbdefault\u00a0\u00bb background_enable_color=\u00a0\u00bboff\u00a0\u00bb use_background_color_gradient=\u00a0\u00bbon\u00a0\u00bb background_color_gradient_direction=\u00a0\u00bb90deg\u00a0\u00bb background_color_gradient_stops=\u00a0\u00bb#000000 0%|rgba(6, 6, 6, 0.98) 43%|rgba(12, 12, 12, 0.95) 51%|rgba(25, 25, 25, 0.9) 58%|rgba(54, 54, 54, 0.79) 69%|rgba(255,255,255,0) 99%\u00a0\u00bb background_image=\u00a0\u00bbhttps:\/\/www.ags-recordsmanagement.com\/fr\/wp-content\/uploads\/sites\/2\/2025\/11\/web-2188448051.webp\u00a0\u00bb background_blend=\u00a0\u00bboverlay\u00a0\u00bb custom_padding=\u00a0\u00bb21vh||21vh||false|false\u00a0\u00bb custom_padding_tablet=\u00a0\u00bb10vh||10vh||true|false\u00a0\u00bb custom_padding_phone=\u00a0\u00bb0vh||0vh||false|false\u00a0\u00bb background_last_edited=\u00a0\u00bbon|phone\u00a0\u00bb background_size_phone=\u00a0\u00bbcover\u00a0\u00bb background_position_phone=\u00a0\u00bbtop_right\u00a0\u00bb background_horizontal_offset_tablet=\u00a0\u00bb23%\u00a0\u00bb background_horizontal_offset_phone=\u00a0\u00bb44%\u00a0\u00bb background_vertical_offset_phone=\u00a0\u00bb100%\u00a0\u00bb collapsed=\u00a0\u00bbon\u00a0\u00bb global_colors_info=\u00a0\u00bb{}\u00a0\u00bb][et_pb_row column_structure=\u00a0\u00bb3_4,1_4&Prime; custom_padding_last_edited=\u00a0\u00bbon|tablet\u00a0\u00bb _builder_version=\u00a0\u00bb4.25.0&Prime; _module_preset=\u00a0\u00bbdefault\u00a0\u00bb width_tablet=\u00a0\u00bb\u00a0\u00bb width_phone=\u00a0\u00bb80%\u00a0\u00bb width_last_edited=\u00a0\u00bbon|phone\u00a0\u00bb max_width=\u00a0\u00bb100%\u00a0\u00bb custom_margin_tablet=\u00a0\u00bb9vh||4vh||false|false\u00a0\u00bb custom_margin_phone=\u00a0\u00bb13vh||13vh||true|false\u00a0\u00bb custom_margin_last_edited=\u00a0\u00bbon|tablet\u00a0\u00bb custom_padding=\u00a0\u00bb||11vh||false|false\u00a0\u00bb custom_padding_tablet=\u00a0\u00bb||0vh||false|false\u00a0\u00bb custom_padding_phone=\u00a0\u00bb||0vh||false|false\u00a0\u00bb collapsed=\u00a0\u00bbon\u00a0\u00bb global_colors_info=\u00a0\u00bb{}\u00a0\u00bb][et_pb_column type=\u00a0\u00bb3_4&Prime; _builder_version=\u00a0\u00bb4.21.0&Prime; _module_preset=\u00a0\u00bbdefault\u00a0\u00bb global_colors_info=\u00a0\u00bb{}\u00a0\u00bb][et_pb_text _builder_version=\u00a0\u00bb4.27.5&Prime; _module_preset=\u00a0\u00bb2fee7f72-5ef7-4c0e-ba60-73c7571eb1df\u00a0\u00bb text_font=\u00a0\u00bbMontserrat||||||||\u00a0\u00bb text_text_color=\u00a0\u00bbgcid-9281fde1-9a5b-44e6-8547-da7db683cad4&Prime; text_font_size=\u00a0\u00bb30px\u00a0\u00bb header_font=\u00a0\u00bb|||on|||||\u00a0\u00bb header_text_color=\u00a0\u00bbgcid-ea3e8232-7924-4f58-a919-358d023b9dfd\u00a0\u00bb header_2_text_color=\u00a0\u00bbgcid-ea3e8232-7924-4f58-a919-358d023b9dfd\u00a0\u00bb width=\u00a0\u00bb100%\u00a0\u00bb custom_padding=\u00a0\u00bb||||false|false\u00a0\u00bb animation_direction=\u00a0\u00bbbottom\u00a0\u00bb hover_enabled=\u00a0\u00bb0&Prime; text_font_size_tablet=\u00a0\u00bb30px\u00a0\u00bb text_font_size_phone=\u00a0\u00bb3.9vw\u00a0\u00bb text_font_size_last_edited=\u00a0\u00bbon|phone\u00a0\u00bb header_font_size_tablet=\u00a0\u00bb\u00a0\u00bb header_font_size_phone=\u00a0\u00bb25px\u00a0\u00bb header_font_size_last_edited=\u00a0\u00bbon|phone\u00a0\u00bb global_colors_info=\u00a0\u00bb{%22gcid-9281fde1-9a5b-44e6-8547-da7db683cad4%22:%91%22text_text_color%22%93,%22gcid-ea3e8232-7924-4f58-a919-358d023b9dfd%22:%91%22header_2_text_color%22,%22header_text_color%22%93}\u00a0\u00bb sticky_enabled=\u00a0\u00bb0&Prime;]<\/p>\n<h1>FACTURE \u00c9LECTRONIQUE | FAQ POUR TOUT COMPRENDRE<\/h1>\n<p>[\/et_pb_text][et_pb_text _builder_version=\u00a0\u00bb4.27.5&Prime; _module_preset=\u00a0\u00bb2fee7f72-5ef7-4c0e-ba60-73c7571eb1df\u00a0\u00bb header_2_font=\u00a0\u00bb|800||on|||||\u00a0\u00bb header_2_text_align=\u00a0\u00bbleft\u00a0\u00bb header_2_text_color=\u00a0\u00bb#ffffff\u00a0\u00bb header_2_font_size=\u00a0\u00bb3vw\u00a0\u00bb module_alignment=\u00a0\u00bbcenter\u00a0\u00bb custom_margin=\u00a0\u00bb||27px|||\u00a0\u00bb animation_direction=\u00a0\u00bbbottom\u00a0\u00bb hover_enabled=\u00a0\u00bb0&Prime; header_2_font_size_tablet=\u00a0\u00bb4vw\u00a0\u00bb header_2_font_size_phone=\u00a0\u00bb4vw\u00a0\u00bb header_2_font_size_last_edited=\u00a0\u00bbon|tablet\u00a0\u00bb global_colors_info=\u00a0\u00bb{}\u00a0\u00bb sticky_enabled=\u00a0\u00bb0&Prime;]<\/p>\n<h2><span>Questions\/R\u00e9ponses sur la facturation \u00e9lectronique<\/span><\/h2>\n<p>[\/et_pb_text][\/et_pb_column][et_pb_column type=\u00a0\u00bb1_4&Prime; _builder_version=\u00a0\u00bb4.21.0&Prime; _module_preset=\u00a0\u00bbdefault\u00a0\u00bb global_colors_info=\u00a0\u00bb{}\u00a0\u00bb][\/et_pb_column][\/et_pb_row][et_pb_row custom_padding_last_edited=\u00a0\u00bbon|phone\u00a0\u00bb disabled_on=\u00a0\u00bbon|on|off\u00a0\u00bb _builder_version=\u00a0\u00bb4.24.0&Prime; _module_preset=\u00a0\u00bbdefault\u00a0\u00bb max_width=\u00a0\u00bb100%\u00a0\u00bb custom_margin=\u00a0\u00bb||-12vh||false|false\u00a0\u00bb custom_margin_tablet=\u00a0\u00bb||0vh||false|false\u00a0\u00bb custom_margin_phone=\u00a0\u00bb||0vh||false|false\u00a0\u00bb custom_margin_last_edited=\u00a0\u00bbon|phone\u00a0\u00bb custom_padding=\u00a0\u00bb3px|||||\u00a0\u00bb custom_padding_tablet=\u00a0\u00bb3px|||||\u00a0\u00bb custom_padding_phone=\u00a0\u00bb0px||||false|false\u00a0\u00bb global_colors_info=\u00a0\u00bb{}\u00a0\u00bb][et_pb_column type=\u00a0\u00bb4_4&Prime; _builder_version=\u00a0\u00bb4.21.0&Prime; _module_preset=\u00a0\u00bbdefault\u00a0\u00bb global_colors_info=\u00a0\u00bb{}\u00a0\u00bb][et_pb_text _builder_version=\u00a0\u00bb4.21.0&Prime; _module_preset=\u00a0\u00bb2fee7f72-5ef7-4c0e-ba60-73c7571eb1df\u00a0\u00bb custom_margin=\u00a0\u00bb0.5vh||||false|false\u00a0\u00bb global_colors_info=\u00a0\u00bb{}\u00a0\u00bb]<\/p>\n\t\t\t<!-- Flexy Breadcrumb -->\r\n\t\t\t<div class=\"fbc fbc-page\">\r\n\r\n\t\t\t\t<!-- Breadcrumb wrapper -->\r\n\t\t\t\t<div class=\"fbc-wrap\">\r\n\r\n\t\t\t\t\t<!-- Ordered list-->\r\n\t\t\t\t\t<ol class=\"fbc-items\" itemscope itemtype=\"https:\/\/schema.org\/BreadcrumbList\">\r\n\t\t\t\t\t\t            <li itemprop=\"itemListElement\" itemscope itemtype=\"https:\/\/schema.org\/ListItem\">\r\n                <span itemprop=\"name\">\r\n                    <!-- Home Link -->\r\n                    <a itemprop=\"item\" href=\"https:\/\/www.ags-recordsmanagement.com\/fr\/\">\r\n                    \r\n                                                    <i class=\"fa fa-home\" aria-hidden=\"true\"><\/i>Home                    <\/a>\r\n                <\/span>\r\n                <meta itemprop=\"position\" content=\"1\" \/><!-- Meta Position-->\r\n             <\/li><li><span class=\"fbc-separator\">\/<\/span><\/li><li class=\"active\" itemprop=\"itemListElement\" itemscope itemtype=\"https:\/\/schema.org\/ListItem\"><span itemprop=\"name\" title=\"FAQ facturation \u00e9lectronique\">FAQ facturation \u00e9lectronique<\/span><meta itemprop=\"position\" content=\"2\" \/><\/li>\t\t\t\t\t<\/ol>\r\n\t\t\t\t\t<div class=\"clearfix\"><\/div>\r\n\t\t\t\t<\/div>\r\n\t\t\t<\/div>\r\n\t\t\t\n<p>[\/et_pb_text][\/et_pb_column][\/et_pb_row][\/et_pb_section][et_pb_section fb_built=\u00a0\u00bb1&Prime; admin_label=\u00a0\u00bbSection\u00a0\u00bb _builder_version=\u00a0\u00bb4.27.4&Prime; _module_preset=\u00a0\u00bbdefault\u00a0\u00bb background_enable_color=\u00a0\u00bboff\u00a0\u00bb background_enable_image=\u00a0\u00bboff\u00a0\u00bb custom_margin_tablet=\u00a0\u00bb-9vh||||false|false\u00a0\u00bb custom_margin_phone=\u00a0\u00bb-9vh||||false|false\u00a0\u00bb custom_margin_last_edited=\u00a0\u00bbon|phone\u00a0\u00bb custom_padding=\u00a0\u00bb0px||0px||true|false\u00a0\u00bb locked=\u00a0\u00bboff\u00a0\u00bb collapsed=\u00a0\u00bboff\u00a0\u00bb global_colors_info=\u00a0\u00bb{}\u00a0\u00bb][et_pb_row use_custom_gutter=\u00a0\u00bbon\u00a0\u00bb gutter_width=\u00a0\u00bb2&Prime; custom_padding_last_edited=\u00a0\u00bbon|phone\u00a0\u00bb module_id=\u00a0\u00bbarchivage\u00a0\u00bb _builder_version=\u00a0\u00bb4.27.4&Prime; _module_preset=\u00a0\u00bbdefault\u00a0\u00bb background_enable_color=\u00a0\u00bboff\u00a0\u00bb width=\u00a0\u00bb100%\u00a0\u00bb width_tablet=\u00a0\u00bb80%\u00a0\u00bb width_phone=\u00a0\u00bb80%\u00a0\u00bb width_last_edited=\u00a0\u00bbon|phone\u00a0\u00bb max_width=\u00a0\u00bb100%\u00a0\u00bb custom_padding=\u00a0\u00bb3rem||3rem||false|false\u00a0\u00bb custom_padding_tablet=\u00a0\u00bb0vh|0px|0vh|0px|true|true\u00a0\u00bb custom_padding_phone=\u00a0\u00bb0vh|0.5vw|2vh|0.5vw|false|true\u00a0\u00bb collapsed=\u00a0\u00bboff\u00a0\u00bb global_colors_info=\u00a0\u00bb{}\u00a0\u00bb][et_pb_column type=\u00a0\u00bb4_4&Prime; _builder_version=\u00a0\u00bb4.27.4&Prime; _module_preset=\u00a0\u00bbdefault\u00a0\u00bb custom_padding=\u00a0\u00bb||||false|false\u00a0\u00bb custom_padding_tablet=\u00a0\u00bb0vw||0vw|0vw|true|false\u00a0\u00bb custom_padding_phone=\u00a0\u00bb0vw||7vw|0vw|false|false\u00a0\u00bb custom_padding_last_edited=\u00a0\u00bbon|phone\u00a0\u00bb global_colors_info=\u00a0\u00bb{}\u00a0\u00bb][et_pb_text _builder_version=\u00a0\u00bb4.27.4&Prime; _module_preset=\u00a0\u00bbdefault\u00a0\u00bb text_font=\u00a0\u00bb||||||||\u00a0\u00bb text_text_color=\u00a0\u00bbgcid-4679940d-8514-4933-a323-2b3fc3e64368&Prime; text_font_size=\u00a0\u00bb0.9vw\u00a0\u00bb text_orientation=\u00a0\u00bbcenter\u00a0\u00bb width=\u00a0\u00bb50%\u00a0\u00bb width_tablet=\u00a0\u00bb\u00a0\u00bb width_phone=\u00a0\u00bb100%\u00a0\u00bb width_last_edited=\u00a0\u00bbon|phone\u00a0\u00bb max_width=\u00a0\u00bb100%\u00a0\u00bb max_width_tablet=\u00a0\u00bb100%\u00a0\u00bb max_width_phone=\u00a0\u00bb100%\u00a0\u00bb max_width_last_edited=\u00a0\u00bbon|tablet\u00a0\u00bb module_alignment=\u00a0\u00bbcenter\u00a0\u00bb custom_margin=\u00a0\u00bb||2vw||false|false\u00a0\u00bb custom_margin_tablet=\u00a0\u00bb||2vw||false|false\u00a0\u00bb custom_margin_phone=\u00a0\u00bb||2vw||false|false\u00a0\u00bb custom_margin_last_edited=\u00a0\u00bbon|phone\u00a0\u00bb custom_padding_tablet=\u00a0\u00bb\u00a0\u00bb custom_padding_phone=\u00a0\u00bb||||false|false\u00a0\u00bb custom_padding_last_edited=\u00a0\u00bbon|phone\u00a0\u00bb text_font_size_tablet=\u00a0\u00bb1.9vw\u00a0\u00bb text_font_size_phone=\u00a0\u00bb3.5vw\u00a0\u00bb text_font_size_last_edited=\u00a0\u00bbon|tablet\u00a0\u00bb locked=\u00a0\u00bboff\u00a0\u00bb global_colors_info=\u00a0\u00bb{%22gcid-4679940d-8514-4933-a323-2b3fc3e64368%22:%91%22text_text_color%22%93}\u00a0\u00bb]<\/p>\n<p>Pour vous accompagner dans cette transition majeure, nous avons compil\u00e9 les questions les plus fr\u00e9quemment pos\u00e9es par les entreprises, des TPE aux ETI internationales. Cette FAQ couvre tous les aspects essentiels de la facture \u00e9lectronique : \u00e9ch\u00e9ances, formats techniques, choix des plateformes, e-reporting, accompagnement projet et cas pratiques selon votre profil d&rsquo;entreprise.<\/p>\n<p>Que vous soyez dirigeant, comptable, DSI ou responsable administratif, vous trouverez ici les r\u00e9ponses claires pour anticiper sereinement la r\u00e9forme de la facturation \u00e9lectronique.<\/p>\n<p>[\/et_pb_text][et_pb_accordion open_toggle_text_color=\u00a0\u00bbgcid-ea3e8232-7924-4f58-a919-358d023b9dfd\u00a0\u00bb open_toggle_background_color=\u00a0\u00bb#FFFFFF\u00a0\u00bb closed_toggle_background_color=\u00a0\u00bb#FFFFFF\u00a0\u00bb icon_color=\u00a0\u00bbgcid-ea3e8232-7924-4f58-a919-358d023b9dfd\u00a0\u00bb _builder_version=\u00a0\u00bb4.27.4&Prime; _module_preset=\u00a0\u00bbdefault\u00a0\u00bb toggle_text_color=\u00a0\u00bbgcid-ea3e8232-7924-4f58-a919-358d023b9dfd\u00a0\u00bb toggle_level=\u00a0\u00bbh3&Prime; toggle_font=\u00a0\u00bb|600|||||||\u00a0\u00bb body_font_size=\u00a0\u00bb17px\u00a0\u00bb background_color=\u00a0\u00bbRGBA(255,255,255,0)\u00a0\u00bb width=\u00a0\u00bb50%\u00a0\u00bb width_tablet=\u00a0\u00bb50%\u00a0\u00bb width_phone=\u00a0\u00bb100%\u00a0\u00bb width_last_edited=\u00a0\u00bbon|phone\u00a0\u00bb module_alignment=\u00a0\u00bbcenter\u00a0\u00bb custom_padding=\u00a0\u00bb25px||25px||false|false\u00a0\u00bb global_colors_info=\u00a0\u00bb{%22gcid-ea3e8232-7924-4f58-a919-358d023b9dfd%22:%91%22open_toggle_text_color%22,%22toggle_text_color%22,%22icon_color%22%93}\u00a0\u00bb width__hover_enabled=\u00a0\u00bboff|desktop\u00a0\u00bb][et_pb_accordion_item title=\u00a0\u00bb Qu&rsquo;est-ce qu&rsquo;une facture \u00e9lectronique ?\u00a0\u00bb open=\u00a0\u00bbon\u00a0\u00bb icon_color=\u00a0\u00bbgcid-ea3e8232-7924-4f58-a919-358d023b9dfd\u00a0\u00bb toggle_icon=\u00a0\u00bb&#xf067;||fa||900&Prime; _builder_version=\u00a0\u00bb4.27.4&Prime; _module_preset=\u00a0\u00bbdefault\u00a0\u00bb global_colors_info=\u00a0\u00bb{%22gcid-ea3e8232-7924-4f58-a919-358d023b9dfd%22:%91%22icon_color%22%93}\u00a0\u00bb]<\/p>\n<p>Une facture \u00e9lectronique est un document de facturation \u00e9mis, transmis et re\u00e7u sous format num\u00e9rique structur\u00e9. Contrairement \u00e0 un simple PDF, elle contient des donn\u00e9es lisibles par les machines, garantit l&rsquo;authenticit\u00e9 de l&rsquo;\u00e9metteur, l&rsquo;int\u00e9grit\u00e9 du contenu et permet un traitement automatis\u00e9 par les logiciels de gestion.<\/p>\n<p>[\/et_pb_accordion_item][et_pb_accordion_item title=\u00a0\u00bbQuand la facturation \u00e9lectronique devient-elle obligatoire ? \u00a0\u00bb icon_color=\u00a0\u00bbgcid-ea3e8232-7924-4f58-a919-358d023b9dfd\u00a0\u00bb toggle_icon=\u00a0\u00bb&#xf067;||fa||900&Prime; _builder_version=\u00a0\u00bb4.27.4&Prime; _module_preset=\u00a0\u00bbdefault\u00a0\u00bb global_colors_info=\u00a0\u00bb{%22gcid-ea3e8232-7924-4f58-a919-358d023b9dfd%22:%91%22icon_color%22%93}\u00a0\u00bb open=\u00a0\u00bboff\u00a0\u00bb]<\/p>\n<ul>\n<li><strong>1er septembre 2026<\/strong> : toutes les entreprises doivent pouvoir recevoir des factures \u00e9lectroniques + obligation d&rsquo;\u00e9mission pour les grandes entreprises et ETI<\/li>\n<li><strong>1er septembre 2027<\/strong> : obligation d&rsquo;\u00e9mission pour les PME, micro-entreprises et ind\u00e9pendants<\/li>\n<\/ul>\n<p>[\/et_pb_accordion_item][et_pb_accordion_item title=\u00a0\u00bbQuelles sont les entreprises concern\u00e9es par cette obligation ?\u00a0\u00bb icon_color=\u00a0\u00bbgcid-ea3e8232-7924-4f58-a919-358d023b9dfd\u00a0\u00bb toggle_icon=\u00a0\u00bb&#xf067;||fa||900&Prime; _builder_version=\u00a0\u00bb4.27.4&Prime; _module_preset=\u00a0\u00bbdefault\u00a0\u00bb global_colors_info=\u00a0\u00bb{%22gcid-ea3e8232-7924-4f58-a919-358d023b9dfd%22:%91%22icon_color%22%93}\u00a0\u00bb open=\u00a0\u00bboff\u00a0\u00bb]<\/p>\n<p>Toutes les entreprises fran\u00e7aises assujetties \u00e0 la TVA sont concern\u00e9es pour leurs transactions B2B (entre professionnels), y compris les auto-entrepreneurs, micro-entreprises et artisans.<\/p>\n<p>[\/et_pb_accordion_item][et_pb_accordion_item title=\u00a0\u00bbQu&rsquo;est-ce que l&rsquo;e-reporting ?\u00a0\u00bb icon_color=\u00a0\u00bbgcid-ea3e8232-7924-4f58-a919-358d023b9dfd\u00a0\u00bb toggle_icon=\u00a0\u00bb&#xf067;||fa||900&Prime; _builder_version=\u00a0\u00bb4.27.4&Prime; _module_preset=\u00a0\u00bbdefault\u00a0\u00bb global_colors_info=\u00a0\u00bb{%22gcid-ea3e8232-7924-4f58-a919-358d023b9dfd%22:%91%22icon_color%22%93}\u00a0\u00bb open=\u00a0\u00bboff\u00a0\u00bb]<\/p>\n<p>L&rsquo;e-reporting est l&rsquo;obligation de transmettre \u00e0 l&rsquo;administration fiscale des donn\u00e9es sur les op\u00e9rations commerciales non concern\u00e9es par la facturation \u00e9lectronique, notamment les ventes aux particuliers et aux non-assujetties \u00e0 la TVA.<\/p>\n<p>[\/et_pb_accordion_item][et_pb_accordion_item title=\u00a0\u00bbComment \u00e9mettre et recevoir des factures \u00e9lectroniques ? \u00a0\u00bb icon_color=\u00a0\u00bbgcid-ea3e8232-7924-4f58-a919-358d023b9dfd\u00a0\u00bb toggle_icon=\u00a0\u00bb&#xf067;||fa||900&Prime; _builder_version=\u00a0\u00bb4.27.4&Prime; _module_preset=\u00a0\u00bbdefault\u00a0\u00bb global_colors_info=\u00a0\u00bb{%22gcid-ea3e8232-7924-4f58-a919-358d023b9dfd%22:%91%22icon_color%22%93}\u00a0\u00bb open=\u00a0\u00bboff\u00a0\u00bb]<\/p>\n<p>Les entreprises devront passer par des Plateformes Agr\u00e9\u00e9es (PA) immatricul\u00e9es par l\u2019administration fiscale. Ces plateformes de d\u00e9mat\u00e9rialisation partenaires garantissent la conformit\u00e9 et la transmission s\u00e9curis\u00e9e.<\/p>\n<p>[\/et_pb_accordion_item][et_pb_accordion_item title=\u00a0\u00bbQu&rsquo;est-ce qu&rsquo;une Plateforme de D\u00e9mat\u00e9rialisation Partenaire (PDP) ?\u00a0\u00bb icon_color=\u00a0\u00bbgcid-ea3e8232-7924-4f58-a919-358d023b9dfd\u00a0\u00bb toggle_icon=\u00a0\u00bb&#xf067;||fa||900&Prime; _builder_version=\u00a0\u00bb4.27.4&Prime; _module_preset=\u00a0\u00bbdefault\u00a0\u00bb global_colors_info=\u00a0\u00bb{%22gcid-ea3e8232-7924-4f58-a919-358d023b9dfd%22:%91%22icon_color%22%93}\u00a0\u00bb open=\u00a0\u00bboff\u00a0\u00bb]<\/p>\n<p>Une PDP est une plateforme immatricul\u00e9e par l&rsquo;administration fiscale qui permet d&rsquo;\u00e9mettre, recevoir et archiver les factures \u00e9lectroniques tout en assurant leur transmission automatique aux services fiscaux pour le contr\u00f4le. On emploie \u00e9galement le terme de plateforme agr\u00e9\u00e9e (PA).<\/p>\n<p>[\/et_pb_accordion_item][et_pb_accordion_item title=\u00a0\u00bbQu&rsquo;est-ce qu&rsquo;une Plateforme Agr\u00e9\u00e9e (PA) ? \u00a0\u00bb icon_color=\u00a0\u00bbgcid-ea3e8232-7924-4f58-a919-358d023b9dfd\u00a0\u00bb toggle_icon=\u00a0\u00bb&#xf067;||fa||900&Prime; _builder_version=\u00a0\u00bb4.27.4&Prime; _module_preset=\u00a0\u00bbdefault\u00a0\u00bb global_colors_info=\u00a0\u00bb{%22gcid-ea3e8232-7924-4f58-a919-358d023b9dfd%22:%91%22icon_color%22%93}\u00a0\u00bb open=\u00a0\u00bboff\u00a0\u00bb]<\/p>\n<p>Une PA est une plateforme immatricul\u00e9e par l&rsquo;administration fiscale qui permet d&rsquo;\u00e9mettre, recevoir et archiver les factures \u00e9lectroniques tout en assurant leur transmission automatique aux services fiscaux pour le contr\u00f4le. La plateforme agr\u00e9\u00e9e \u00e9tait appel\u00e9e plateforme de d\u00e9mat\u00e9rialisation partenaire (PDP) jusqu\u2019en 2024.<\/p>\n<p>[\/et_pb_accordion_item][et_pb_accordion_item title=\u00a0\u00bbQuelles sont les sanctions en cas de non-respect aux exigences de la r\u00e9forme de la facturation \u00e9lectronique ?\u00a0\u00bb icon_color=\u00a0\u00bbgcid-ea3e8232-7924-4f58-a919-358d023b9dfd\u00a0\u00bb toggle_icon=\u00a0\u00bb&#xf067;||fa||900&Prime; _builder_version=\u00a0\u00bb4.27.4&Prime; _module_preset=\u00a0\u00bbdefault\u00a0\u00bb global_colors_info=\u00a0\u00bb{%22gcid-ea3e8232-7924-4f58-a919-358d023b9dfd%22:%91%22icon_color%22%93}\u00a0\u00bb open=\u00a0\u00bboff\u00a0\u00bb]<\/p>\n<p>Les entreprises non conformes \u00e0 la facturation \u00e9lectronique s&rsquo;exposent \u00e0 des sanctions fiscales et administratives. Les modalit\u00e9s pr\u00e9cises des p\u00e9nalit\u00e9s seront d\u00e9finies par d\u00e9cret, mais le non-respect peut entra\u00eener des amendes et des contr\u00f4les fiscaux renforc\u00e9s.<\/p>\n<p>[\/et_pb_accordion_item][et_pb_accordion_item title=\u00a0\u00bbFaut-il changer de logiciel de facturation \u00a0\u00bb icon_color=\u00a0\u00bbgcid-ea3e8232-7924-4f58-a919-358d023b9dfd\u00a0\u00bb toggle_icon=\u00a0\u00bb&#xf067;||fa||900&Prime; _builder_version=\u00a0\u00bb4.27.4&Prime; _module_preset=\u00a0\u00bbdefault\u00a0\u00bb global_colors_info=\u00a0\u00bb{%22gcid-ea3e8232-7924-4f58-a919-358d023b9dfd%22:%91%22icon_color%22%93}\u00a0\u00bb open=\u00a0\u00bboff\u00a0\u00bb]<\/p>\n<p>Il n\u2019est pas toujours n\u00e9cessaire de changer de logiciel de facturation. Beaucoup de logiciels existants \u00e9voluent pour int\u00e9grer la compatibilit\u00e9 avec les PA (Plateformes Agr\u00e9\u00e9es). Il faut v\u00e9rifier que votre solution actuelle est compatible et se connecter aux plateformes de d\u00e9mat\u00e9rialisation partenaires.<\/p>\n<p>[\/et_pb_accordion_item][et_pb_accordion_item title=\u00a0\u00bbComment bien se pr\u00e9parer d\u00e8s maintenant ?\u00a0\u00bb icon_color=\u00a0\u00bbgcid-ea3e8232-7924-4f58-a919-358d023b9dfd\u00a0\u00bb toggle_icon=\u00a0\u00bb&#xf067;||fa||900&Prime; _builder_version=\u00a0\u00bb4.27.4&Prime; _module_preset=\u00a0\u00bbdefault\u00a0\u00bb global_colors_info=\u00a0\u00bb{%22gcid-ea3e8232-7924-4f58-a919-358d023b9dfd%22:%91%22icon_color%22%93}\u00a0\u00bb open=\u00a0\u00bboff\u00a0\u00bb]<\/p>\n<ul>\n<li>Auditez vos processus de facturation actuels<\/li>\n<li>Identifiez vos flux de facturation B2B et B2C<\/li>\n<li>Diagnostiquez vos processus existants<\/li>\n<li>D\u00e9finissez votre fonctionnement cible<\/li>\n<li>Choisissez votre PDP immatricul\u00e9e<\/li>\n<li>Formez vos \u00e9quipes aux nouveaux processus<\/li>\n<li>Testez votre solution avant les \u00e9ch\u00e9ances obligatoires<\/li>\n<\/ul>\n<p>[\/et_pb_accordion_item][et_pb_accordion_item title=\u00a0\u00bbLa facturation \u00e9lectronique remplace-t-elle compl\u00e8tement le papier ?\u00a0\u00bb icon_color=\u00a0\u00bbgcid-ea3e8232-7924-4f58-a919-358d023b9dfd\u00a0\u00bb toggle_icon=\u00a0\u00bb&#xf067;||fa||900&Prime; _builder_version=\u00a0\u00bb4.27.4&Prime; _module_preset=\u00a0\u00bbdefault\u00a0\u00bb global_colors_info=\u00a0\u00bb{%22gcid-ea3e8232-7924-4f58-a919-358d023b9dfd%22:%91%22icon_color%22%93}\u00a0\u00bb open=\u00a0\u00bboff\u00a0\u00bb]<\/p>\n<p>Oui, pour les transactions B2B entre entreprises assujetties \u00e0 la TVA, la facture \u00e9lectronique devient la r\u00e9f\u00e9rence l\u00e9gale. Les factures papier ne seront plus accept\u00e9es dans ce cadre, sauf d\u00e9rogations sp\u00e9cifiques.<\/p>\n<p>[\/et_pb_accordion_item][et_pb_accordion_item title=\u00a0\u00bbLes entreprises \u00e9trang\u00e8res sont-elles concern\u00e9es ? \u00a0\u00bb icon_color=\u00a0\u00bbgcid-ea3e8232-7924-4f58-a919-358d023b9dfd\u00a0\u00bb toggle_icon=\u00a0\u00bb&#xf067;||fa||900&Prime; _builder_version=\u00a0\u00bb4.27.4&Prime; _module_preset=\u00a0\u00bbdefault\u00a0\u00bb global_colors_info=\u00a0\u00bb{%22gcid-ea3e8232-7924-4f58-a919-358d023b9dfd%22:%91%22icon_color%22%93}\u00a0\u00bb open=\u00a0\u00bboff\u00a0\u00bb]<\/p>\n<p>Les entreprises \u00e9trang\u00e8res qui facturent des entreprises fran\u00e7aises assujetties \u00e0 la TVA devront \u00e9galement se conformer \u00e0 ces obligations pour leurs transactions avec la France.<\/p>\n<p>[\/et_pb_accordion_item][et_pb_accordion_item title=\u00a0\u00bbCombien co\u00fbte la mise en conformit\u00e9 ?\u00a0\u00bb icon_color=\u00a0\u00bbgcid-ea3e8232-7924-4f58-a919-358d023b9dfd\u00a0\u00bb toggle_icon=\u00a0\u00bb&#xf067;||fa||900&Prime; _builder_version=\u00a0\u00bb4.27.4&Prime; _module_preset=\u00a0\u00bbdefault\u00a0\u00bb global_colors_info=\u00a0\u00bb{%22gcid-ea3e8232-7924-4f58-a919-358d023b9dfd%22:%91%22icon_color%22%93}\u00a0\u00bb open=\u00a0\u00bboff\u00a0\u00bb]<\/p>\n<p>Les co\u00fbts varient selon la taille de l&rsquo;entreprise et la solution choisie. Ils incluent les frais de plateforme, d&rsquo;int\u00e9gration logicielle, de formation et \u00e9ventuellement de conseil. Des aides publiques peuvent \u00eatre disponibles pour les TPE\/PME.<\/p>\n<p>[\/et_pb_accordion_item][et_pb_accordion_item title=\u00a0\u00bbQue se passe-t-il pour les factures en cours ? \u00a0\u00bb icon_color=\u00a0\u00bbgcid-ea3e8232-7924-4f58-a919-358d023b9dfd\u00a0\u00bb toggle_icon=\u00a0\u00bb&#xf067;||fa||900&Prime; _builder_version=\u00a0\u00bb4.27.4&Prime; _module_preset=\u00a0\u00bbdefault\u00a0\u00bb global_colors_info=\u00a0\u00bb{%22gcid-ea3e8232-7924-4f58-a919-358d023b9dfd%22:%91%22icon_color%22%93}\u00a0\u00bb open=\u00a0\u00bboff\u00a0\u00bb]<\/p>\n<p>Les factures \u00e9mises avant les dates d&rsquo;obligation restent soumises aux r\u00e8gles actuelles. Seules les nouvelles factures \u00e9mises apr\u00e8s les \u00e9ch\u00e9ances devront respecter le format \u00e9lectronique obligatoire.<\/p>\n<p>[\/et_pb_accordion_item][et_pb_accordion_item title=\u00a0\u00bbQuels sont les formats de facture \u00e9lectronique accept\u00e9s ? \u00a0\u00bb icon_color=\u00a0\u00bbgcid-ea3e8232-7924-4f58-a919-358d023b9dfd\u00a0\u00bb toggle_icon=\u00a0\u00bb&#xf067;||fa||900&Prime; _builder_version=\u00a0\u00bb4.27.4&Prime; _module_preset=\u00a0\u00bbdefault\u00a0\u00bb global_colors_info=\u00a0\u00bb{%22gcid-ea3e8232-7924-4f58-a919-358d023b9dfd%22:%91%22icon_color%22%93}\u00a0\u00bb open=\u00a0\u00bboff\u00a0\u00bb]<\/p>\n<p>Trois formats sont accept\u00e9s : le format CII, le format Factur-X et le format UBL, tous conformes \u00e0 la norme europ\u00e9enne EN 16931. Le format Factur-X combine PDF\/A-3 (lisible par l&rsquo;humain) et XML (traitable par les logiciels), ce qui en fait le plus polyvalent.<\/p>\n<p>[\/et_pb_accordion_item][et_pb_accordion_item title=\u00a0\u00bbQu&rsquo;est-ce que le format Factur-X ? \u00a0\u00bb icon_color=\u00a0\u00bbgcid-ea3e8232-7924-4f58-a919-358d023b9dfd\u00a0\u00bb toggle_icon=\u00a0\u00bb&#xf067;||fa||900&Prime; _builder_version=\u00a0\u00bb4.27.4&Prime; _module_preset=\u00a0\u00bbdefault\u00a0\u00bb global_colors_info=\u00a0\u00bb{%22gcid-ea3e8232-7924-4f58-a919-358d023b9dfd%22:%91%22icon_color%22%93}\u00a0\u00bb open=\u00a0\u00bboff\u00a0\u00bb]<\/p>\n<p>Factur-X est un format hybride qui combine un fichier PDF\/A-3 pour la lisibilit\u00e9 humaine avec un fichier XML int\u00e9gr\u00e9 contenant les donn\u00e9es structur\u00e9es. Cette double structure permet \u00e0 la facture d&rsquo;\u00eatre lue aussi bien par les utilisateurs que par les logiciels de gestion.<\/p>\n<p>[\/et_pb_accordion_item][et_pb_accordion_item title=\u00a0\u00bbQu&rsquo;est-ce que le format UBL ?\u00a0\u00bb icon_color=\u00a0\u00bbgcid-ea3e8232-7924-4f58-a919-358d023b9dfd\u00a0\u00bb toggle_icon=\u00a0\u00bb&#xf067;||fa||900&Prime; _builder_version=\u00a0\u00bb4.27.4&Prime; _module_preset=\u00a0\u00bbdefault\u00a0\u00bb global_colors_info=\u00a0\u00bb{%22gcid-ea3e8232-7924-4f58-a919-358d023b9dfd%22:%91%22icon_color%22%93}\u00a0\u00bb open=\u00a0\u00bboff\u00a0\u00bb]<\/p>\n<p>UBL (Universal Business Language) est un format bas\u00e9 sur XML qui fournit un mod\u00e8le de donn\u00e9es standard pour la facturation \u00e9lectronique. Il est particuli\u00e8rement utilis\u00e9 dans le secteur du e-commerce et permet une interop\u00e9rabilit\u00e9 maximale entre syst\u00e8mes.<\/p>\n<p>[\/et_pb_accordion_item][et_pb_accordion_item title=\u00a0\u00bbQu&rsquo;est-ce que le format CII ? \u00a0\u00bb icon_color=\u00a0\u00bbgcid-ea3e8232-7924-4f58-a919-358d023b9dfd\u00a0\u00bb toggle_icon=\u00a0\u00bb&#xf067;||fa||900&Prime; _builder_version=\u00a0\u00bb4.27.4&Prime; _module_preset=\u00a0\u00bbdefault\u00a0\u00bb global_colors_info=\u00a0\u00bb{%22gcid-ea3e8232-7924-4f58-a919-358d023b9dfd%22:%91%22icon_color%22%93}\u00a0\u00bb open=\u00a0\u00bboff\u00a0\u00bb]<\/p>\n<p>Le format Cross Industry Invoice (CII) r\u00e9pond \u00e0 une norme internationale et se base sur un fichier XML. Il permet un partage et un traitement automatique des factures par les logiciels de comptabilit\u00e9 pour un cycle de vie des factures enti\u00e8rement autonome.<\/p>\n<p>[\/et_pb_accordion_item][et_pb_accordion_item title=\u00a0\u00bbFaut-il obligatoirement signer \u00e9lectroniquement ses factures ?\u00a0\u00bb icon_color=\u00a0\u00bbgcid-ea3e8232-7924-4f58-a919-358d023b9dfd\u00a0\u00bb toggle_icon=\u00a0\u00bb&#xf067;||fa||900&Prime; _builder_version=\u00a0\u00bb4.27.4&Prime; _module_preset=\u00a0\u00bbdefault\u00a0\u00bb global_colors_info=\u00a0\u00bb{%22gcid-ea3e8232-7924-4f58-a919-358d023b9dfd%22:%91%22icon_color%22%93}\u00a0\u00bb open=\u00a0\u00bboff\u00a0\u00bb]<\/p>\n<p><a href=\"https:\/\/www.ags-recordsmanagement.com\/fr\/solutions-logicielles\/signature-electronique\/\">La signature \u00e9lectronique<\/a> n&rsquo;est pas obligatoire si vous utilisez une PA plateforme agr\u00e9\u00e9e immatricul\u00e9e qui garantit l&rsquo;authenticit\u00e9 et l&rsquo;int\u00e9grit\u00e9 des donn\u00e9es. Cependant, le cachet \u00e9lectronique qualifi\u00e9 peut \u00eatre utilis\u00e9 comme m\u00e9canisme de s\u00e9curisation suppl\u00e9mentaire pour renforcer la confiance.<\/p>\n<p>[\/et_pb_accordion_item][et_pb_accordion_item title=\u00a0\u00bbEn quoi consiste exactement l&rsquo;e-reporting ?\u00a0\u00bb icon_color=\u00a0\u00bbgcid-ea3e8232-7924-4f58-a919-358d023b9dfd\u00a0\u00bb toggle_icon=\u00a0\u00bb&#xf067;||fa||900&Prime; _builder_version=\u00a0\u00bb4.27.4&Prime; _module_preset=\u00a0\u00bbdefault\u00a0\u00bb global_colors_info=\u00a0\u00bb{%22gcid-ea3e8232-7924-4f58-a919-358d023b9dfd%22:%91%22icon_color%22%93}\u00a0\u00bb open=\u00a0\u00bboff\u00a0\u00bb]<\/p>\n<p>L&rsquo;e-reporting consiste \u00e0 transmettre automatiquement \u00e0 l&rsquo;administration fiscale les donn\u00e9es de vos transactions commerciales non couvertes par la facturation \u00e9lectronique : ventes aux particuliers (B2C), op\u00e9rations avec des entreprises \u00e9trang\u00e8res non \u00e9tablies en France, et transactions avec des non-assujettis \u00e0 la TVA. Une plateforme agr\u00e9\u00e9e g\u00e8re le e-reporting.\u202fUne plateforme qui ne couvre que la facturation \u00e9lectronique ne peut pas obtenir l\u2019agr\u00e9ment PDP.<\/p>\n<p>[\/et_pb_accordion_item][et_pb_accordion_item title=\u00a0\u00bbQuelles op\u00e9rations sont concern\u00e9es par l&rsquo;e-reporting ?\u00a0\u00bb icon_color=\u00a0\u00bbgcid-ea3e8232-7924-4f58-a919-358d023b9dfd\u00a0\u00bb toggle_icon=\u00a0\u00bb&#xf067;||fa||900&Prime; _builder_version=\u00a0\u00bb4.27.4&Prime; _module_preset=\u00a0\u00bbdefault\u00a0\u00bb global_colors_info=\u00a0\u00bb{%22gcid-ea3e8232-7924-4f58-a919-358d023b9dfd%22:%91%22icon_color%22%93}\u00a0\u00bb open=\u00a0\u00bboff\u00a0\u00bb]<\/p>\n<p>Sont concern\u00e9es : les ventes aux particuliers, les transactions avec des entreprises non install\u00e9es sur le territoire fran\u00e7ais, et les op\u00e9rations avec des personnes non assujetties \u00e0 la TVA. Les op\u00e9rations exon\u00e9r\u00e9es de TVA (bancaires, m\u00e9dicales, d&rsquo;enseignement, associatives) sont exempt\u00e9es de l&rsquo;e-reporting.<\/p>\n<p>[\/et_pb_accordion_item][et_pb_accordion_item title=\u00a0\u00bbComment g\u00e9rer la transition si mes fournisseurs ne sont pas pr\u00eats ?\u00a0\u00bb icon_color=\u00a0\u00bbgcid-ea3e8232-7924-4f58-a919-358d023b9dfd\u00a0\u00bb toggle_icon=\u00a0\u00bb&#xf067;||fa||900&Prime; _builder_version=\u00a0\u00bb4.27.4&Prime; _module_preset=\u00a0\u00bbdefault\u00a0\u00bb global_colors_info=\u00a0\u00bb{%22gcid-ea3e8232-7924-4f58-a919-358d023b9dfd%22:%91%22icon_color%22%93}\u00a0\u00bb open=\u00a0\u00bboff\u00a0\u00bb]<\/p>\n<p>D\u00e8s septembre 2026, toutes les entreprises doivent pouvoir recevoir des factures \u00e9lectroniques. Si un fournisseur n&rsquo;est pas \u00e9quip\u00e9, il s&rsquo;expose \u00e0 des sanctions. Accompagnez vos partenaires strat\u00e9giques en partageant les informations sur les PA et \u00e9ch\u00e9ances.<\/p>\n<p>[\/et_pb_accordion_item][et_pb_accordion_item title=\u00a0\u00bbMa PME exporte beaucoup, suis-je moins concern\u00e9e ? \u00a0\u00bb icon_color=\u00a0\u00bbgcid-ea3e8232-7924-4f58-a919-358d023b9dfd\u00a0\u00bb toggle_icon=\u00a0\u00bb&#xf067;||fa||900&Prime; _builder_version=\u00a0\u00bb4.27.4&Prime; _module_preset=\u00a0\u00bbdefault\u00a0\u00bb global_colors_info=\u00a0\u00bb{%22gcid-ea3e8232-7924-4f58-a919-358d023b9dfd%22:%91%22icon_color%22%93}\u00a0\u00bb open=\u00a0\u00bboff\u00a0\u00bb]<\/p>\n<p>L&rsquo;obligation ne concerne que les transactions B2B avec des entreprises fran\u00e7aises assujetties \u00e0 la TVA. Vos exports restent soumis aux r\u00e8gles actuelles, mais vos achats aupr\u00e8s de fournisseurs fran\u00e7ais devront passer par la facturation \u00e9lectronique.<\/p>\n<p>[\/et_pb_accordion_item][et_pb_accordion_item title=\u00a0\u00bbComment choisir entre plusieurs PA pour ma PME ? \u00a0\u00bb icon_color=\u00a0\u00bbgcid-ea3e8232-7924-4f58-a919-358d023b9dfd\u00a0\u00bb toggle_icon=\u00a0\u00bb&#xf067;||fa||900&Prime; _builder_version=\u00a0\u00bb4.27.4&Prime; _module_preset=\u00a0\u00bbdefault\u00a0\u00bb global_colors_info=\u00a0\u00bb{%22gcid-ea3e8232-7924-4f58-a919-358d023b9dfd%22:%91%22icon_color%22%93}\u00a0\u00bb open=\u00a0\u00bboff\u00a0\u00bb]<\/p>\n<p>Comparez les crit\u00e8res cl\u00e9s : co\u00fbt par facture, int\u00e9gration avec votre <a href=\"https:\/\/www.ags-recordsmanagement.com\/fr\/solution-de-gestion-des-archives\/logiciel-de-gestion-darchives\/\">logiciel comptable<\/a> existant, support client, archivage l\u00e9gal, et facilit\u00e9 d&rsquo;utilisation. Demandez des d\u00e9monstrations et testez les interfaces avant de vous engager sur du long terme.<\/p>\n<p>[\/et_pb_accordion_item][et_pb_accordion_item title=\u00a0\u00bbComment g\u00e9rer la conduite du changement ? \u00a0\u00bb icon_color=\u00a0\u00bbgcid-ea3e8232-7924-4f58-a919-358d023b9dfd\u00a0\u00bb toggle_icon=\u00a0\u00bb&#xf067;||fa||900&Prime; _builder_version=\u00a0\u00bb4.27.4&Prime; _module_preset=\u00a0\u00bbdefault\u00a0\u00bb global_colors_info=\u00a0\u00bb{%22gcid-ea3e8232-7924-4f58-a919-358d023b9dfd%22:%91%22icon_color%22%93}\u00a0\u00bb open=\u00a0\u00bboff\u00a0\u00bb]<\/p>\n<p>Communiquez t\u00f4t sur les b\u00e9n\u00e9fices (gain de temps, r\u00e9duction des erreurs, tra\u00e7abilit\u00e9). Identifiez et formez des porteurs de projets dans chaque service. Organisez des d\u00e9monstrations, recueillez les feedbacks, et adaptez vos processus aux retours terrain pour faciliter l&rsquo;adoption.<\/p>\n<p>[\/et_pb_accordion_item][et_pb_accordion_item title=\u00a0\u00bbComment g\u00e9rer la facturation \u00e9lectronique avec des filiales \u00e9trang\u00e8res ?\u00a0\u00bb icon_color=\u00a0\u00bbgcid-ea3e8232-7924-4f58-a919-358d023b9dfd\u00a0\u00bb toggle_icon=\u00a0\u00bb&#xf067;||fa||900&Prime; _builder_version=\u00a0\u00bb4.27.4&Prime; _module_preset=\u00a0\u00bbdefault\u00a0\u00bb global_colors_info=\u00a0\u00bb{%22gcid-ea3e8232-7924-4f58-a919-358d023b9dfd%22:%91%22icon_color%22%93}\u00a0\u00bb open=\u00a0\u00bboff\u00a0\u00bb]<\/p>\n<p>Seules les transactions avec des entreprises fran\u00e7aises assujetties \u00e0 la TVA sont concern\u00e9es. Vos filiales \u00e9trang\u00e8res doivent s&rsquo;\u00e9quiper pour facturer vos entit\u00e9s fran\u00e7aises, mais leurs transactions locales restent soumises aux r\u00e9glementations de leur pays d&rsquo;implantation.<\/p>\n<p>[\/et_pb_accordion_item][et_pb_accordion_item title=\u00a0\u00bb Une ETI avec 10 filiales europ\u00e9ennes : quelle strat\u00e9gie adopter ?\u00a0\u00bb icon_color=\u00a0\u00bbgcid-ea3e8232-7924-4f58-a919-358d023b9dfd\u00a0\u00bb toggle_icon=\u00a0\u00bb&#xf067;||fa||900&Prime; _builder_version=\u00a0\u00bb4.27.4&Prime; _module_preset=\u00a0\u00bbdefault\u00a0\u00bb global_colors_info=\u00a0\u00bb{%22gcid-ea3e8232-7924-4f58-a919-358d023b9dfd%22:%91%22icon_color%22%93}\u00a0\u00bb open=\u00a0\u00bboff\u00a0\u00bb]<\/p>\n<p>Centralisez le pilotage du projet depuis la maison m\u00e8re, mais adaptez la mise en \u0153uvre par pays. Choisissez une PA internationale capable de g\u00e9rer les sp\u00e9cificit\u00e9s locales. Pr\u00e9voyez un d\u00e9ploiement par phases : France d&rsquo;abord, puis extension progressive selon les obligations locales.<\/p>\n<p>[\/et_pb_accordion_item][\/et_pb_accordion][\/et_pb_column][\/et_pb_row][et_pb_row make_equal=\u00a0\u00bbon\u00a0\u00bb disabled_on=\u00a0\u00bboff|off|off\u00a0\u00bb admin_label=\u00a0\u00bbdesktop\u00a0\u00bb module_id=\u00a0\u00bbelimination\u00a0\u00bb _builder_version=\u00a0\u00bb4.27.4&Prime; _module_preset=\u00a0\u00bbdefault\u00a0\u00bb positioning=\u00a0\u00bbnone\u00a0\u00bb position_origin_a=\u00a0\u00bbtop_center\u00a0\u00bb vertical_offset=\u00a0\u00bb-114px\u00a0\u00bb vertical_offset_tablet=\u00a0\u00bb0px\u00a0\u00bb vertical_offset_phone=\u00a0\u00bb0px\u00a0\u00bb vertical_offset_last_edited=\u00a0\u00bbon|desktop\u00a0\u00bb width=\u00a0\u00bb70%\u00a0\u00bb width_tablet=\u00a0\u00bb70%\u00a0\u00bb width_phone=\u00a0\u00bb80%\u00a0\u00bb width_last_edited=\u00a0\u00bbon|phone\u00a0\u00bb max_width=\u00a0\u00bb90%\u00a0\u00bb max_width_tablet=\u00a0\u00bb90%\u00a0\u00bb max_width_phone=\u00a0\u00bb100%\u00a0\u00bb max_width_last_edited=\u00a0\u00bbon|phone\u00a0\u00bb custom_padding=\u00a0\u00bb0px||0px||false|false\u00a0\u00bb locked=\u00a0\u00bboff\u00a0\u00bb collapsed=\u00a0\u00bboff\u00a0\u00bb global_colors_info=\u00a0\u00bb{}\u00a0\u00bb][et_pb_column type=\u00a0\u00bb4_4&Prime; module_class=\u00a0\u00bbrow_container \u00a0\u00bb _builder_version=\u00a0\u00bb4.27.4&Prime; _module_preset=\u00a0\u00bbdefault\u00a0\u00bb positioning=\u00a0\u00bbnone\u00a0\u00bb custom_padding=\u00a0\u00bb|0px||0px|false|false\u00a0\u00bb custom_padding_tablet=\u00a0\u00bb|0px||0px|false|false\u00a0\u00bb custom_padding_phone=\u00a0\u00bb|||0px|false|false\u00a0\u00bb custom_padding_last_edited=\u00a0\u00bboff|desktop\u00a0\u00bb global_colors_info=\u00a0\u00bb{}\u00a0\u00bb][et_pb_code admin_label=\u00a0\u00bbfilter Code\u00a0\u00bb _builder_version=\u00a0\u00bb4.27.4&Prime; _module_preset=\u00a0\u00bbdefault\u00a0\u00bb global_colors_info=\u00a0\u00bb{}\u00a0\u00bb]<\/p>\n<style><!-- [et_pb_line_break_holder] -->  .tab_bottom_border {<!-- [et_pb_line_break_holder] -->    border-bottom: 3px solid #aa1111;<!-- [et_pb_line_break_holder] -->    -webkit-transition: border-bottom '.1s ease-in-out;<!-- [et_pb_line_break_holder] -->    -o-transition: border-bottom .1s ease-in-out;<!-- [et_pb_line_break_holder] -->    -moz-transition: border-bottom .1s ease-in-out;<!-- [et_pb_line_break_holder] -->    transition: border-bottom .1s ease-in-out;<!-- [et_pb_line_break_holder] -->  }<!-- [et_pb_line_break_holder] -->  <!-- [et_pb_line_break_holder] -->   ul.other_services, .other_services_mobile {<!-- [et_pb_line_break_holder] -->    text-decoration: none;<!-- [et_pb_line_break_holder] -->    list-style: none;<!-- [et_pb_line_break_holder] -->}<!-- [et_pb_line_break_holder] -->  <!-- [et_pb_line_break_holder] -->div.tab {<!-- [et_pb_line_break_holder] -->    display: block;<!-- [et_pb_line_break_holder] -->    padding: 6px;<!-- [et_pb_line_break_holder] -->    margin-bottom: -0.7vw; <!-- [et_pb_line_break_holder] -->    border-top-left-radius: 10px;<!-- [et_pb_line_break_holder] -->    border-top-right-radius: 10px;<!-- [et_pb_line_break_holder] -->    text-transform: uppercase;<!-- [et_pb_line_break_holder] --><!-- [et_pb_line_break_holder] -->}<!-- [et_pb_line_break_holder] --> .container_description {<!-- [et_pb_line_break_holder] -->    display: flex;<!-- [et_pb_line_break_holder] -->    flex-wrap: wrap;<!-- [et_pb_line_break_holder] -->}<!-- [et_pb_line_break_holder] -->  .tab:hover {<!-- [et_pb_line_break_holder] -->    cursor:pointer;<!-- [et_pb_line_break_holder] -->    background-color: #aa1111;<!-- [et_pb_line_break_holder] -->    color: #fff;<!-- [et_pb_line_break_holder] -->    border-top-left-radius: 10px;<!-- [et_pb_line_break_holder] -->    border-top-right-radius: 10px;<!-- [et_pb_line_break_holder] -->    <!-- [et_pb_line_break_holder] -->  }<!-- [et_pb_line_break_holder] -->    .other_services, .other_services_mobile{<!-- [et_pb_line_break_holder] -->     display: flex;<!-- [et_pb_line_break_holder] -->     justify-content:space-around;<!-- [et_pb_line_break_holder] -->     gap: 69px;<!-- [et_pb_line_break_holder] -->    <!-- [et_pb_line_break_holder] -->  }<!-- [et_pb_line_break_holder] -->  <!-- [et_pb_line_break_holder] -->  .tab {<!-- [et_pb_line_break_holder] -->    padding: 10px;<!-- [et_pb_line_break_holder] -->    cursor: pointer;<!-- [et_pb_line_break_holder] -->}<!-- [et_pb_line_break_holder] --><!-- [et_pb_line_break_holder] -->.tab.active {<!-- [et_pb_line_break_holder] -->   background-color: #aa1111;<!-- [et_pb_line_break_holder] -->   color: #fff;<!-- [et_pb_line_break_holder] -->   border-top-left-radius: 10px;<!-- [et_pb_line_break_holder] -->   border-top-right-radius: 10px;<!-- [et_pb_line_break_holder] -->}<!-- [et_pb_line_break_holder] -->  <!-- [et_pb_line_break_holder] -->  <!-- [et_pb_line_break_holder] -->  \/*Mobile Menu*\/<!-- [et_pb_line_break_holder] -->  .other_services_mobile {<!-- [et_pb_line_break_holder] -->    overflow: auto;<!-- [et_pb_line_break_holder] -->  }<!-- [et_pb_line_break_holder] -->  <!-- [et_pb_line_break_holder] -->ul.other_services_mobile {<!-- [et_pb_line_break_holder] -->    text-decoration: none;<!-- [et_pb_line_break_holder] -->    list-style: none;<!-- [et_pb_line_break_holder] -->}<!-- [et_pb_line_break_holder] -->.column_item:hover {<!-- [et_pb_line_break_holder] -->  -ms-transform: scale(1.05); \/* IE 9 *\/<!-- [et_pb_line_break_holder] -->  -webkit-transform: scale(1.05); \/* Safari 3-8 *\/<!-- [et_pb_line_break_holder] -->  transform: scale(1.05); <!-- [et_pb_line_break_holder] -->  z-index:9999999999;<!-- [et_pb_line_break_holder] -->} <!-- [et_pb_line_break_holder] -->  <!-- [et_pb_line_break_holder] -->   \/*GRID LAYOUT FLEX*\/<!-- [et_pb_line_break_holder] -->  \/* Container for flexboxes *\/<!-- [et_pb_line_break_holder] -->.row_container {<!-- [et_pb_line_break_holder] -->  display: flex;<!-- [et_pb_line_break_holder] -->  \/*flex-wrap: wrap;*\/<!-- [et_pb_line_break_holder] -->  gap: 10px;<!-- [et_pb_line_break_holder] -->}<!-- [et_pb_line_break_holder] --><!-- [et_pb_line_break_holder] -->.row_container > .column_item {<!-- [et_pb_line_break_holder] -->     \/*flex: 1 1 calc(33.333% - 20px);*\/<!-- [et_pb_line_break_holder] -->    \/* flex: 1 1 1; *\/<!-- [et_pb_line_break_holder] --> box-sizing: border-box;<!-- [et_pb_line_break_holder] -->margin-bottom: 10px;<!-- [et_pb_line_break_holder] -->padding: 20px;<!-- [et_pb_line_break_holder] -->border: 1px solid #ddd;<!-- [et_pb_line_break_holder] -->border-radius: 5px;<!-- [et_pb_line_break_holder] -->max-width: 25.5vw;<!-- [et_pb_line_break_holder] -->width: 20vw;<!-- [et_pb_line_break_holder] -->  }  <!-- [et_pb_line_break_holder] --><!-- [et_pb_line_break_holder] -->  <!-- [et_pb_line_break_holder] --><!-- [et_pb_line_break_holder] -->  @media (max-width: 768px) {<!-- [et_pb_line_break_holder] -->   .row_container > .column_item {<!-- [et_pb_line_break_holder] -->    \/*flex: 1 1 100%;*\/<!-- [et_pb_line_break_holder] -->     max-width: 100vw;<!-- [et_pb_line_break_holder] -->     width:80vw;<!-- [et_pb_line_break_holder] --><!-- [et_pb_line_break_holder] -->    }<!-- [et_pb_line_break_holder] -->}<!-- [et_pb_line_break_holder] -->  <!-- [et_pb_line_break_holder] -->  \/*floating button*\/<!-- [et_pb_line_break_holder] -->.container_description button {<!-- [et_pb_line_break_holder] -->    width: 45px;<!-- [et_pb_line_break_holder] -->    height: 45px;<!-- [et_pb_line_break_holder] -->    background: #aa1111;<!-- [et_pb_line_break_holder] -->    display: flex;<!-- [et_pb_line_break_holder] -->    align-items: center;<!-- [et_pb_line_break_holder] -->    justify-content: center;<!-- [et_pb_line_break_holder] -->    border-radius: 50%;<!-- [et_pb_line_break_holder] -->    cursor: pointer;<!-- [et_pb_line_break_holder] -->    position: absolute;<!-- [et_pb_line_break_holder] -->    border: none;<!-- [et_pb_line_break_holder] -->    margin-left: 40%;<!-- [et_pb_line_break_holder] -->}<!-- [et_pb_line_break_holder] --><!-- [et_pb_line_break_holder] -->.container_description a {<!-- [et_pb_line_break_holder] -->  margin-top:-27%;<!-- [et_pb_line_break_holder] -->}<!-- [et_pb_line_break_holder] --><!-- [et_pb_line_break_holder] -->@media only screen and ( min-width: 1405px ) { <!-- [et_pb_line_break_holder] -->    \/* your css goes here *\/<!-- [et_pb_line_break_holder] -->.container_description {<!-- [et_pb_line_break_holder] -->  position: absolute;<!-- [et_pb_line_break_holder] -->  top:49.3vh;<!-- [et_pb_line_break_holder] -->  display: block;<!-- [et_pb_line_break_holder] -->  left: 46%;<!-- [et_pb_line_break_holder] -->}<!-- [et_pb_line_break_holder] --><!-- [et_pb_line_break_holder] -->}   <!-- [et_pb_line_break_holder] -->  <!-- [et_pb_line_break_holder] -->.arrow path {<!-- [et_pb_line_break_holder] -->  fill: white;<!-- [et_pb_line_break_holder] -->}<!-- [et_pb_line_break_holder] --><!-- [et_pb_line_break_holder] --><!-- [et_pb_line_break_holder] -->.text {<!-- [et_pb_line_break_holder] -->  font-size: 0.7em;<!-- [et_pb_line_break_holder] -->  width: 100px;<!-- [et_pb_line_break_holder] -->  position: absolute;<!-- [et_pb_line_break_holder] -->  color: white;<!-- [et_pb_line_break_holder] -->  display: flex;<!-- [et_pb_line_break_holder] -->  align-items: center;<!-- [et_pb_line_break_holder] -->  justify-content: center;<!-- [et_pb_line_break_holder] -->  bottom: -18px;<!-- [et_pb_line_break_holder] -->  opacity: 0;<!-- [et_pb_line_break_holder] -->  transition-duration: .7s;<!-- [et_pb_line_break_holder] -->}<!-- [et_pb_line_break_holder] --><!-- [et_pb_line_break_holder] --><!-- [et_pb_line_break_holder] -->.container_description button:hover .text {<!-- [et_pb_line_break_holder] -->  opacity: 1;<!-- [et_pb_line_break_holder] -->  transition-duration: .7s;<!-- [et_pb_line_break_holder] -->}<!-- [et_pb_line_break_holder] --><!-- [et_pb_line_break_holder] -->.container_description button:hover .arrow {<!-- [et_pb_line_break_holder] -->  animation: slide-in-bottom .7s cubic-bezier(0.250, 0.460, 0.450, 0.940) both;<!-- [et_pb_line_break_holder] -->}<!-- [et_pb_line_break_holder] --><!-- [et_pb_line_break_holder] -->@keyframes slide-in-bottom {<!-- [et_pb_line_break_holder] -->  0% {<!-- [et_pb_line_break_holder] -->    transform: translateY(10px);<!-- [et_pb_line_break_holder] -->    opacity: 0;<!-- [et_pb_line_break_holder] -->  }<!-- [et_pb_line_break_holder] --><!-- [et_pb_line_break_holder] -->  100% {<!-- [et_pb_line_break_holder] -->    transform: translateY(0);<!-- [et_pb_line_break_holder] -->    opacity: 1;<!-- [et_pb_line_break_holder] -->  }<!-- [et_pb_line_break_holder] -->}<!-- [et_pb_line_break_holder] --><!-- [et_pb_line_break_holder] -->p.slideArrow{<!-- [et_pb_line_break_holder] -->      transition: transform 250ms;<!-- [et_pb_line_break_holder] -->}<!-- [et_pb_line_break_holder] --><!-- [et_pb_line_break_holder] -->p.slideArrow:hover {<!-- [et_pb_line_break_holder] -->  transform: translateX(10px);<!-- [et_pb_line_break_holder] -->}<!-- [et_pb_line_break_holder] -->  <!-- [et_pb_line_break_holder] -->\/* Laptops and desktops (1100-1405px) *\/<!-- [et_pb_line_break_holder] -->@media only screen and ( min-width: 1100px ) and ( max-width: 1405px) { <!-- [et_pb_line_break_holder] -->    \/* your css goes here *\/<!-- [et_pb_line_break_holder] -->  #financiere{<!-- [et_pb_line_break_holder] -->     margin-top: -2.2vh;<!-- [et_pb_line_break_holder] -->  }<!-- [et_pb_line_break_holder] -->  <!-- [et_pb_line_break_holder] -->  .other_services {<!-- [et_pb_line_break_holder] -->    gap:6%;<!-- [et_pb_line_break_holder] -->    font-size: 1.4em;<!-- [et_pb_line_break_holder] -->  }<!-- [et_pb_line_break_holder] -->  <!-- [et_pb_line_break_holder] -->  }  <!-- [et_pb_line_break_holder] -->  <!-- [et_pb_line_break_holder] -->  \/* Tablets in portrait mode (768-980px) *\/<!-- [et_pb_line_break_holder] -->@media only screen and ( min-width: 768px ) and ( max-width: 980px ) {<!-- [et_pb_line_break_holder] -->  <!-- [et_pb_line_break_holder] -->  .row_container {<!-- [et_pb_line_break_holder] -->     display:block;<!-- [et_pb_line_break_holder] -->  }<!-- [et_pb_line_break_holder] -->  <!-- [et_pb_line_break_holder] -->  .row_container > .column_item{<!-- [et_pb_line_break_holder] -->    max-width: none;<!-- [et_pb_line_break_holder] -->  }<!-- [et_pb_line_break_holder] -->  }<!-- [et_pb_line_break_holder] -->  <!-- [et_pb_line_break_holder] -->  <!-- [et_pb_line_break_holder] -->  \/* Smartphones in portrait mode (0-479px) *\/<!-- [et_pb_line_break_holder] -->@media only screen and ( max-width: 479px ) {<!-- [et_pb_line_break_holder] -->    <!-- [et_pb_line_break_holder] -->  .row_container {<!-- [et_pb_line_break_holder] -->     display:block;<!-- [et_pb_line_break_holder] -->  }<!-- [et_pb_line_break_holder] -->  <!-- [et_pb_line_break_holder] -->  .row_container > .colum_item{<!-- [et_pb_line_break_holder] -->    max-width: none;<!-- [et_pb_line_break_holder] -->  }<!-- [et_pb_line_break_holder] -->}<!-- [et_pb_line_break_holder] --><!-- [et_pb_line_break_holder] --><\/style>\n<p><!-- [et_pb_line_break_holder] --><!-- [et_pb_line_break_holder] --><script><!-- [et_pb_line_break_holder] -->jQuery(function($) {<!-- [et_pb_line_break_holder] -->    $(document).ready(function() {<!-- [et_pb_line_break_holder] -->        var tabs = $(\".tab\");<!-- [et_pb_line_break_holder] -->        var digitalisation = $('.Digitalisation');\/\/2<!-- [et_pb_line_break_holder] -->        var gestion = $('.Gestion'); \/\/3<!-- [et_pb_line_break_holder] --><!-- [et_pb_line_break_holder] -->        \/\/ Default: show the first container and hide the rest<!-- [et_pb_line_break_holder] -->        tabs.first().addClass(\"active\");<!-- [et_pb_line_break_holder] -->        digitalisation.show();<!-- [et_pb_line_break_holder] -->        gestion.show();<!-- [et_pb_line_break_holder] -->        \/\/ Iterate over each tab and set up click event<!-- [et_pb_line_break_holder] -->        tabs.each(function(index) {<!-- [et_pb_line_break_holder] -->            $(this).click(function(event) {<!-- [et_pb_line_break_holder] -->               event.preventDefault(); <!-- [et_pb_line_break_holder] -->               <!-- [et_pb_line_break_holder] -->               if(index===0){<!-- [et_pb_line_break_holder] -->                digitalisation.show(200);<!-- [et_pb_line_break_holder] -->       \t\t\t\t\tgestion.show(200);<!-- [et_pb_line_break_holder] -->               }else if(index === 1){<!-- [et_pb_line_break_holder] -->                 digitalisation.show(200);<!-- [et_pb_line_break_holder] -->       \t\t\t\t\t gestion.hide();<!-- [et_pb_line_break_holder] -->               }else{<!-- [et_pb_line_break_holder] -->                  gestion.show(200);<!-- [et_pb_line_break_holder] -->                  digitalisation.hide();<!-- [et_pb_line_break_holder] -->               }<!-- [et_pb_line_break_holder] --><!-- [et_pb_line_break_holder] -->                tabs.removeClass(\"active\");<!-- [et_pb_line_break_holder] -->                $(this).addClass(\"active\"); <!-- [et_pb_line_break_holder] -->                return false;<!-- [et_pb_line_break_holder] -->            });<!-- [et_pb_line_break_holder] -->        });<!-- [et_pb_line_break_holder] --><!-- [et_pb_line_break_holder] -->      <!-- [et_pb_line_break_holder] -->    });<!-- [et_pb_line_break_holder] -->});<!-- [et_pb_line_break_holder] --><!-- [et_pb_line_break_holder] --><!-- [et_pb_line_break_holder] --><!-- [et_pb_line_break_holder] --><\/script>[\/et_pb_code][\/et_pb_column][\/et_pb_row][\/et_pb_section]<\/p>\n","protected":false},"excerpt":{"rendered":"<p>FACTURE \u00c9LECTRONIQUE | FAQ POUR TOUT COMPRENDREQuestions\/R\u00e9ponses sur la facturation \u00e9lectronique\t\t\t<!-- Flexy Breadcrumb -->\r\n\t\t\t<div class=\"fbc fbc-page\">\r\n\r\n\t\t\t\t<!-- Breadcrumb wrapper -->\r\n\t\t\t\t<div class=\"fbc-wrap\">\r\n\r\n\t\t\t\t\t<!-- Ordered list-->\r\n\t\t\t\t\t<ol class=\"fbc-items\" itemscope itemtype=\"https:\/\/schema.org\/BreadcrumbList\">\r\n\t\t\t\t\t\t            <li itemprop=\"itemListElement\" itemscope itemtype=\"https:\/\/schema.org\/ListItem\">\r\n                <span itemprop=\"name\">\r\n                    <!-- Home Link -->\r\n                    <a itemprop=\"item\" href=\"https:\/\/www.ags-recordsmanagement.com\/fr\/\">\r\n                    \r\n                                                    <i class=\"fa fa-home\" aria-hidden=\"true\"><\/i>Home                    <\/a>\r\n                <\/span>\r\n                <meta itemprop=\"position\" content=\"1\" \/><!-- Meta Position-->\r\n             <\/li><li><span class=\"fbc-separator\">\/<\/span><\/li><li class=\"active\" itemprop=\"itemListElement\" itemscope itemtype=\"https:\/\/schema.org\/ListItem\"><span itemprop=\"name\" title=\"FAQ facturation \u00e9lectronique\">FAQ facturation \u00e9lectronique<\/span><meta itemprop=\"position\" content=\"2\" \/><\/li>\t\t\t\t\t<\/ol>\r\n\t\t\t\t\t<div class=\"clearfix\"><\/div>\r\n\t\t\t\t<\/div>\r\n\t\t\t<\/div>\r\n\t\t\tPour vous accompagner dans cette transition majeure, nous avons compil\u00e9 les questions les plus fr\u00e9quemment pos\u00e9es par les entreprises, des TPE aux ETI internationales. Cette FAQ couvre tous les aspects essentiels de la facture \u00e9lectronique : \u00e9ch\u00e9ances, formats techniques, choix des plateformes, e-reporting, accompagnement projet [&hellip;]<\/p>\n","protected":false},"author":4,"featured_media":0,"parent":987521747,"menu_order":0,"comment_status":"closed","ping_status":"closed","template":"","meta":{"_acf_changed":false,"_et_pb_use_builder":"on","_et_pb_old_content":"","_et_gb_content_width":"","footnotes":""},"class_list":["post-987521895","page","type-page","status-publish","hentry"],"acf":[],"_links":{"self":[{"href":"https:\/\/www.ags-recordsmanagement.com\/fr\/wp-json\/wp\/v2\/pages\/987521895"}],"collection":[{"href":"https:\/\/www.ags-recordsmanagement.com\/fr\/wp-json\/wp\/v2\/pages"}],"about":[{"href":"https:\/\/www.ags-recordsmanagement.com\/fr\/wp-json\/wp\/v2\/types\/page"}],"author":[{"embeddable":true,"href":"https:\/\/www.ags-recordsmanagement.com\/fr\/wp-json\/wp\/v2\/users\/4"}],"replies":[{"embeddable":true,"href":"https:\/\/www.ags-recordsmanagement.com\/fr\/wp-json\/wp\/v2\/comments?post=987521895"}],"version-history":[{"count":38,"href":"https:\/\/www.ags-recordsmanagement.com\/fr\/wp-json\/wp\/v2\/pages\/987521895\/revisions"}],"predecessor-version":[{"id":987523315,"href":"https:\/\/www.ags-recordsmanagement.com\/fr\/wp-json\/wp\/v2\/pages\/987521895\/revisions\/987523315"}],"up":[{"embeddable":true,"href":"https:\/\/www.ags-recordsmanagement.com\/fr\/wp-json\/wp\/v2\/pages\/987521747"}],"wp:attachment":[{"href":"https:\/\/www.ags-recordsmanagement.com\/fr\/wp-json\/wp\/v2\/media?parent=987521895"}],"curies":[{"name":"wp","href":"https:\/\/api.w.org\/{rel}","templated":true}]}}